{"id":6,"date":"2016-09-16T14:18:13","date_gmt":"2016-09-16T14:18:13","guid":{"rendered":"http:\/\/www.biserica-muenster.de\/?page_id=6"},"modified":"2026-04-06T12:59:22","modified_gmt":"2026-04-06T12:59:22","slug":"contact","status":"publish","type":"page","link":"https:\/\/www.biserica-muenster.de\/de\/contact\/","title":{"rendered":"Liturgisches Programm"},"content":{"rendered":"<p class=\"\"><\/p>\n\n\n\n<div>\n<div id=\"yiv9779177011yMail_cursorElementTracker_1588263614939\">\n<p class=\"translation-block\">Die Gottesdienste finden jeden Sonntag in der Kirche St. Mari\u00e4 Himmelfahrt, Dyckburgstra\u00dfe 220, 48157 M\u00fcnster statt. Der Ablauf des Sonntagsgottesdienstes:<\/p>\n<ul>\n<li>09:00 Uhr der Orthros (Matutin)<\/li>\n<li>9:30 Uhr die G\u00f6ttliche Liturgie<\/li>\n<\/ul>\n<div>Die Gottesdienste an den Festtagen in der Woche sowie die Beichttermine entnehmen Sie bitte dem liturgischen Programm f\u00fcr den laufenden Monat.<\/div>\n<\/div>\n<\/div>\n\n\n\n\n\n<div class=\"wp-block-columns is-layout-flex wp-container-core-columns-is-layout-9d6595d7 wp-block-columns-is-layout-flex\">\n<div class=\"wp-block-column is-layout-flow wp-block-column-is-layout-flow\" style=\"flex-basis:100%\">\n<div class=\"wp-block-columns is-layout-flex wp-container-core-columns-is-layout-9d6595d7 wp-block-columns-is-layout-flex\">\n<div class=\"wp-block-column is-layout-flow wp-block-column-is-layout-flow\" style=\"flex-basis:100%\">\n<div>\n<div>&nbsp;<\/div>\n<div>\n\n<p>\ud835\udc0b\ud835\udc08\ud835\udc13\ud835\udc14\ud835\udc11\ud835\udc06\ud835\udc08\ud835\udc12\ud835\udc02\ud835\udc07\ud835\udc04\ud835\udc12 \ud835\udc0f\ud835\udc11\ud835\udc0e\ud835\udc06\ud835\udc11\ud835\udc00\ud835\udc0c\ud835\udc0c \ud835\udc05\ud835\udc14\u0308\ud835\udc04\ud835\udc11 \ud835\udc03\ud835\udc04\ud835\udc0d \ud835\udc0c\ud835\udc0e\ud835\udc0d\ud835\udc00\ud835\udc13 \ud835\udc00\ud835\udc0f\ud835\udc11\ud835\udc08\ud835\udc0b<p>\n<p>\u2670 Freitag, 3 April, ab 18:00 \u2013 Beichtgelegenheit. <p>\n<p>\u2670 Samstag, 4. April, ab 9:00 \u2013 G\u00f6ttliche Liturgie. Anschlie\u00dfend feiern wir den kurzen Ged\u00e4chtnisgottesdienst (f\u00fcr die Entschlaffenen, rum. Parastas). Beichtgelegenheit. <\/p>\n<p>\u2670 Sonntag, 5. April (Palmsonntag), ab 9:30 \u2013 G\u00f6ttliche Liturgie, zelebriert in Anwesenheit S.Em. Serafim Joanta, Erzbischof und Metropolit f\u00fcr Deutschland und Zentraleuropa. Es wird die Priesterweihe des Diakons Florin stattfinden. <p>\n<p>Die Gro\u00dfe Woche, die Woche der Leiden des Herrn <p>\n<p>\u2670 Montag, 6. April, ab 18:00 \u2013 Karmette des Br\u00e4utigams (Morgenamt des Gr. Dienstags). <p>\n<p>\u2670 Dienstag 7 April, ab 18:00 \u2013 Karmette des Br\u00e4utigams - Hymne der Kassiani <p>\n<p>\u2670 Mittwoch, 8 April, ab 18:00 \u2013 Karmette der Fu\u00dfwaschung; Beichtgelegenheit. Bis Ostern, das ist der letzte Tag, an dem Sie beichten k\u00f6nnen. <p>\n<p>\u2670 Donnerstag, 9. April, ab 9:30 \u2013 G\u00f6ttliche Liturgie. Ab 18:30 \u2013 Heilige Passion (Morgenamt des Karfreitags). <p>\n<p>\u2670 Vinerea Mare, 10 Aprilie, de la 18:00 \u2013 Denia Prohodului Domnului. \u00cencep\u00e2nd cu ora 09:00, biserica va fi deschis\u0103 \u015fi v\u0103 pute\u0163i \u00eenchina la Sf. Epitaf (Aer), care va r\u0103m\u00e2ne \u00een mijlocul bisericii, pute\u015fi aprinde lum\u00e2n\u0103ri \u0219i l\u0103sa pomelnice care vor fi pomenite la Sf\u00e2nta \u00cenviere. <p>\n<p>Das Pascha und die Lichte-Woche<p>\n<p>\u2670 Samstag, 11 April, ab 23:00 \u2013 Osterlicht, Gottesdienst und Prozession der Auferstehung; \u00d6sterliches Morgenamt und die G\u00f6ttliche Liturgie. <p>\n<p>\u2670 Sonntag, 12 April, ab 12:00 \u2013 Vesper der Liebe (ohne Kommunion). <p>\n<p>\u2670 Montag, 13 April, ab 9:30 \u2013 G\u00f6ttliche Liturgie. <p>\n<p>\u2670 Dienstag, 14 April, ab 9:30 \u2013 G\u00f6ttliche Liturgie. <p>\n<p>\u2670 Freitag, 17 April (die Lebensspendende Quelle), ab 9:30 \u2013 G\u00f6ttliche Liturgie. <p>\n<p>\u2670 Sonntag, 19 April, ab 9:30 \u2013 G\u00f6ttliche Liturgie; kurze Ged\u00e4chtnisgottesdienst (rum. Parastas) zum Gedenken der Entschlafenen; das Agape-Mahl auf der Terrasse der \u201eVilla Hortensia\u201c, die sich neben der Kirche befindet. <p>\n<p>\u2670 Donnerstag 23 April (hl. Mart. Georg), ab 9:30 \u2013 G\u00f6ttliche Liturgie. <p>\n<p>\u2670 Sonntag, 26 April, ab 9:30 \u2013 G\u00f6ttliche Liturgie <div>\n\n<div>&nbsp;<\/div>\n<div>\n\n\n<p>\ud835\udc0b\ud835\udc08\ud835\udc13\ud835\udc14\ud835\udc11\ud835\udc06\ud835\udc08\ud835\udc12\ud835\udc02\ud835\udc07\ud835\udc04\ud835\udc12 \ud835\udc0f\ud835\udc11\ud835\udc0e\ud835\udc06\ud835\udc11\ud835\udc00\ud835\udc0c\ud835\udc0c \ud835\udc05\ud835\udc14\u0308\ud835\udc04\ud835\udc11 \ud835\udc03\ud835\udc04\ud835\udc0d \ud835\udc0c\ud835\udc0e\ud835\udc0d\ud835\udc00\ud835\udc13 \ud835\udc0c\ud835\udc00\u0308\ud835\udc11\ud835\udc19<\/p>\n<p>\u2670 Sonntag, 1 M\u00e4rz, ab 9:30 \u2013 G\u00f6ttliche Liturgie. <\/p>\n<p> Freitag, 6 M\u00e4rz, ab 18:00 \u2013 Beichtgelegenheit. <\/p>\n<p>\u2670 Sonntag, 8 M\u00e4rz, ab 9:30 \u2013 G\u00f6ttliche Liturgie. <\/p>\n<p> Mittwoch, 11 M\u00e4rz, ab 18:00 \u2013 Beichtgelegenheit. <\/p>\n<p> Freitag, 13 M\u00e4rz, ab 18:00 \u2013 das Sakrament der Krankensalbung. <\/p>\n<p> Samstag, 14 M\u00e4rz, ab 9:00 \u2013 G\u00f6ttliche Liturgie. Anschlie\u00dfend feiern wir den kurzen Ged\u00e4chtnisgottesdienst (f\u00fcr die Entschlaffenen, rum. Parastas). Beichtgelegenheit. <\/p>\n<p>\u2670 Sonntag, 15 M\u00e4rz, ab 9:30 \u2013 G\u00f6ttliche Liturgie. <\/p>\n<p> Freitag, 20 M\u00e4rz, ab 18:00 \u2013 Beichtgelegenheit. <\/p>\n<p>\u2670 Sonntag, 22 M\u00e4rz, ab 9:30 \u2013 G\u00f6ttliche Liturgie. <\/p>\n<p> Montag, 23 M\u00e4rz, ab 18:00 \u2013 Gro\u00dfer Kanon des hl. Andreas von Kreta &amp; Beichtgelegenheit. <\/p>\n<p>\u2670 Mittwoch, 25 M\u00e4rz ((Verk\u00fcndigung Mari\u00e4), ab 9:30 \u2013 G\u00f6ttliche Liturgie. <\/p>\n<p> Freitag, 27 M\u00e4rz, ab 18:00 \u2013 Beichtgelegenheit. <\/p>\n<p>\u2670 Sonntag, 29 M\u00e4rz, ab 9:30 \u2013 G\u00f6ttliche Liturgie. <\/p>\n\n&#8212;&#8212;&#8212;&#8212;&#8212;&#8212;&#8212;&#8212;&#8212;\n<\/div>\n<\/div>\n<\/div>\n<\/div>","protected":false},"excerpt":{"rendered":"<p>Slujbele au loc \u00een fiecare Duminic\u0103 \u00een Biserica St. Mari\u00e4 Himmelfahrt&nbsp;din&nbsp;Dyckburgstra\u00dfe 220,&nbsp;48157&nbsp; M\u00fcnster. Desf\u0103\u0219urarea slujbei duminicale: \u00eencep\u00e2nd cu ora 9:00 Utrenia. \u00eencep\u00e2nd cu ora 9:30 Sf\u00e2nta Liturghie. Pentru Sf. Liturghie din zilele de s\u0103rb\u0103toare de peste s\u0103pt\u0103m\u00e2n\u0103, dar \u0219i pentru zilele de spovedanie, v\u0103 rug\u0103m s\u0103 consulta\u021bi programul liturgic stabilit pentru luna \u00een curs. &nbsp; &hellip; <\/p>","protected":false},"author":2,"featured_media":0,"parent":0,"menu_order":0,"comment_status":"closed","ping_status":"closed","template":"","meta":{"nf_dc_page":"","om_disable_all_campaigns":false,"two_page_speed":[],"footnotes":""},"class_list":["post-6","page","type-page","status-publish","hentry","entry"],"jetpack_sharing_enabled":true,"_links":{"self":[{"href":"https:\/\/www.biserica-muenster.de\/de\/wp-json\/wp\/v2\/pages\/6","targetHints":{"allow":["GET"]}}],"collection":[{"href":"https:\/\/www.biserica-muenster.de\/de\/wp-json\/wp\/v2\/pages"}],"about":[{"href":"https:\/\/www.biserica-muenster.de\/de\/wp-json\/wp\/v2\/types\/page"}],"author":[{"embeddable":true,"href":"https:\/\/www.biserica-muenster.de\/de\/wp-json\/wp\/v2\/users\/2"}],"replies":[{"embeddable":true,"href":"https:\/\/www.biserica-muenster.de\/de\/wp-json\/wp\/v2\/comments?post=6"}],"version-history":[{"count":27,"href":"https:\/\/www.biserica-muenster.de\/de\/wp-json\/wp\/v2\/pages\/6\/revisions"}],"predecessor-version":[{"id":902,"href":"https:\/\/www.biserica-muenster.de\/de\/wp-json\/wp\/v2\/pages\/6\/revisions\/902"}],"wp:attachment":[{"href":"https:\/\/www.biserica-muenster.de\/de\/wp-json\/wp\/v2\/media?parent=6"}],"curies":[{"name":"wp","href":"https:\/\/api.w.org\/{rel}","templated":true}]}}