{"id":508,"date":"2022-12-21T15:57:08","date_gmt":"2022-12-21T15:57:08","guid":{"rendered":"https:\/\/www.biserica-muenster.de\/?page_id=508"},"modified":"2024-06-20T13:20:12","modified_gmt":"2024-06-20T13:20:12","slug":"scoala-duminicala","status":"publish","type":"page","link":"https:\/\/www.biserica-muenster.de\/de\/scoala-duminicala\/","title":{"rendered":"Sonntagsschule"},"content":{"rendered":"<p>Una cele mai importante activit\u0103\u021bi desf\u0103\u0219urate \u00een t\u00e2n\u0103ra noastr\u0103 comunitate o reprezint\u0103 \u0219coala parohial\u0103. Consecvent din ianuarie 2021, \u00een fiecare duminic\u0103, dup\u0103 momentul \u00eemp\u0103rt\u0103\u0219irii, membrii ai parohiei cu v\u00e2rste curpinse \u00eentre 6 \u0219i 14 ani, \u00eenva\u021b\u0103 prin joac\u0103 elemente de limb\u0103, cultur\u0103 \u0219i civiliza\u021bie rom\u00e2neasc\u0103 \u0219i, de dou\u0103 ori de pe lun\u0103, no\u021biuni catehetice. Aceast\u0103 or\u0103 de religie are loc \u00een prima \u0219i a treia duminic\u0103 a lunii. <\/p>\n\n\n\n<p>   Ocazional, copiii au ocazia s\u0103-\u0219i exerseze aptitudinile artistice \u0219i \u00eendem\u00e2narea \u00een cadrul unor ateliere de pictur\u0103 sau bricolaj. <\/p>\n\n\n<div class=\"wp-block-image\">\n<figure class=\"alignright is-resized\"><a href=\"https:\/\/ikonen-museum.com\/\"><img decoding=\"async\" width=\"2560\" height=\"1920\" loading=\"lazy\" src=\"http:\/\/www.biserica-muenster.de\/wp-content\/uploads\/2022\/12\/1-scaled.jpg\" alt=\"\" class=\"wp-image-509\" style=\"width:220px;height:165px\" srcset=\"https:\/\/www.biserica-muenster.de\/wp-content\/uploads\/2022\/12\/1-scaled.jpg 2560w, https:\/\/www.biserica-muenster.de\/wp-content\/uploads\/2022\/12\/1-300x225.jpg 300w, https:\/\/www.biserica-muenster.de\/wp-content\/uploads\/2022\/12\/1-1024x768.jpg 1024w, https:\/\/www.biserica-muenster.de\/wp-content\/uploads\/2022\/12\/1-768x576.jpg 768w, https:\/\/www.biserica-muenster.de\/wp-content\/uploads\/2022\/12\/1-1536x1152.jpg 1536w, https:\/\/www.biserica-muenster.de\/wp-content\/uploads\/2022\/12\/1-2048x1536.jpg 2048w\" sizes=\"auto, (max-width: 2560px) 100vw, 2560px\" \/><\/a><\/figure>\n<\/div>\n\n\n<p>  De pild\u0103, \u00een 2022, \u00een timpul vacan\u021bei de toamn\u0103, o parte dintre \u0219colarii parohiei au participat la un workshop oferit de c\u0103tre d-na Goeke-Mayr \u00een \u201eMuzeul Icoanei (Ikonen-Museum)\u201d din Recklinghausen.<\/p>\n\n\n\n<p> Workshopul a inclus vizitarea unor anume obiecte din colec\u021bia de icoane a muzeului \u0219i pictatul icoanelor fie a Sf. Nicolae, fie a Fecioarei cu Pruncul Iisus.<\/p>\n\n\n\n<div class=\"wp-block-group is-nowrap is-layout-flex wp-container-core-group-is-layout-ad2f72ca wp-block-group-is-layout-flex\"><div class=\"wp-block-image\">\n<figure class=\"aligncenter size-large is-resized\"><img decoding=\"async\" width=\"1024\" height=\"1024\" loading=\"lazy\" src=\"https:\/\/www.biserica-muenster.de\/wp-content\/uploads\/2022\/12\/2-1024x1024.jpg\" alt=\"\" class=\"wp-image-511\" style=\"width:428px;height:428px\" srcset=\"https:\/\/www.biserica-muenster.de\/wp-content\/uploads\/2022\/12\/2-1024x1024.jpg 1024w, https:\/\/www.biserica-muenster.de\/wp-content\/uploads\/2022\/12\/2-300x300.jpg 300w, https:\/\/www.biserica-muenster.de\/wp-content\/uploads\/2022\/12\/2-150x150.jpg 150w, https:\/\/www.biserica-muenster.de\/wp-content\/uploads\/2022\/12\/2-768x768.jpg 768w, https:\/\/www.biserica-muenster.de\/wp-content\/uploads\/2022\/12\/2-1536x1536.jpg 1536w, https:\/\/www.biserica-muenster.de\/wp-content\/uploads\/2022\/12\/2-2048x2048.jpg 2048w\" sizes=\"auto, (max-width: 1024px) 100vw, 1024px\" \/><\/figure>\n<\/div>\n\n<div class=\"wp-block-image\">\n<figure class=\"aligncenter size-large is-resized\"><img decoding=\"async\" width=\"1024\" height=\"768\" loading=\"lazy\" src=\"https:\/\/www.biserica-muenster.de\/wp-content\/uploads\/2022\/12\/7-1024x768.jpg\" alt=\"\" class=\"wp-image-512\" style=\"width:673px;height:505px\" srcset=\"https:\/\/www.biserica-muenster.de\/wp-content\/uploads\/2022\/12\/7-1024x768.jpg 1024w, https:\/\/www.biserica-muenster.de\/wp-content\/uploads\/2022\/12\/7-300x225.jpg 300w, https:\/\/www.biserica-muenster.de\/wp-content\/uploads\/2022\/12\/7-768x576.jpg 768w, https:\/\/www.biserica-muenster.de\/wp-content\/uploads\/2022\/12\/7-1536x1152.jpg 1536w, https:\/\/www.biserica-muenster.de\/wp-content\/uploads\/2022\/12\/7-2048x1536.jpg 2048w\" sizes=\"auto, (max-width: 1024px) 100vw, 1024px\" \/><\/figure>\n<\/div><\/div>","protected":false},"excerpt":{"rendered":"<p>Una cele mai importante activit\u0103\u021bi desf\u0103\u0219urate \u00een t\u00e2n\u0103ra noastr\u0103 comunitate o reprezint\u0103 \u0219coala parohial\u0103. Consecvent din ianuarie 2021, \u00een fiecare duminic\u0103, dup\u0103 momentul \u00eemp\u0103rt\u0103\u0219irii, membrii ai parohiei cu v\u00e2rste curpinse \u00eentre 6 \u0219i 14 ani, \u00eenva\u021b\u0103 prin joac\u0103 elemente de limb\u0103, cultur\u0103 \u0219i civiliza\u021bie rom\u00e2neasc\u0103 \u0219i, de dou\u0103 ori de pe lun\u0103, no\u021biuni catehetice. Aceast\u0103 &hellip; <\/p>","protected":false},"author":5,"featured_media":0,"parent":0,"menu_order":0,"comment_status":"closed","ping_status":"closed","template":"","meta":{"nf_dc_page":"","om_disable_all_campaigns":false,"two_page_speed":[],"footnotes":""},"class_list":["post-508","page","type-page","status-publish","hentry","entry"],"jetpack_sharing_enabled":true,"_links":{"self":[{"href":"https:\/\/www.biserica-muenster.de\/de\/wp-json\/wp\/v2\/pages\/508","targetHints":{"allow":["GET"]}}],"collection":[{"href":"https:\/\/www.biserica-muenster.de\/de\/wp-json\/wp\/v2\/pages"}],"about":[{"href":"https:\/\/www.biserica-muenster.de\/de\/wp-json\/wp\/v2\/types\/page"}],"author":[{"embeddable":true,"href":"https:\/\/www.biserica-muenster.de\/de\/wp-json\/wp\/v2\/users\/5"}],"replies":[{"embeddable":true,"href":"https:\/\/www.biserica-muenster.de\/de\/wp-json\/wp\/v2\/comments?post=508"}],"version-history":[{"count":6,"href":"https:\/\/www.biserica-muenster.de\/de\/wp-json\/wp\/v2\/pages\/508\/revisions"}],"predecessor-version":[{"id":749,"href":"https:\/\/www.biserica-muenster.de\/de\/wp-json\/wp\/v2\/pages\/508\/revisions\/749"}],"wp:attachment":[{"href":"https:\/\/www.biserica-muenster.de\/de\/wp-json\/wp\/v2\/media?parent=508"}],"curies":[{"name":"wp","href":"https:\/\/api.w.org\/{rel}","templated":true}]}}