{"id":5,"date":"2016-09-16T14:18:10","date_gmt":"2016-09-16T14:18:10","guid":{"rendered":"http:\/\/www.biserica-muenster.de\/?page_id=5"},"modified":"2025-06-09T16:00:23","modified_gmt":"2025-06-09T16:00:23","slug":"blog","status":"publish","type":"page","link":"https:\/\/www.biserica-muenster.de\/de\/blog\/","title":{"rendered":"Neuigkeiten"},"content":{"rendered":"<div class=\"text_exposed_show\">\n<div class=\"\" data-block=\"true\" data-editor=\"58r8f\" data-offset-key=\"b5feo-0-0\">\n\n<strong>Duminic\u0103, 08.06.2025<\/strong>\n\n\n\nDragii mei,\n\n \n\n\u00cen Duminica Pogor\u00e2rii Duhului Sf\u00e2nt, dup\u0103 cuv\u00e2ntul de \u00eenv\u0103\u021b\u0103tur\u0103, am avut bucuria de a \u00eemp\u0103rt\u0103\u0219i celor prezen\u021bi o veste minunat\u0103, legat\u0103 de viitorul nostru loc propriu de slujire \u015fi \u00eempreun\u0103-rug\u0103ciune.\n\n \n\n\u00cen marea Sa milostivire, Dumnezeu a r\u00e2nduit ca imposibilul s\u0103 devin\u0103 posibil. Astfel c\u0103, de la 1 decembrie 2025, comunitatea noastr\u0103 parohial\u0103 poate deveni proprietara bisericii Dyckburgkirche, \u00een care slujim \u00een prezent \u0219i \u00een care, \u00een anul 2016, a fost format\u0103 parohia noastr\u0103.\n\n \n\nDumnezeu lucreaz\u0103 prin oameni, iar, ca r\u0103spuns la rug\u0103ciunile noastre, Dumnezeu a lucrat prin P\u0103rintele J\u00fcrgen Streuer, parohul comunit\u0103\u0163ii catolice St. Petronilla, de care apartine \u015fi Dyckburgkirche. Pr. Streuer a f\u0103cut toate demersurile necesare pentru ca noi s\u0103 putem primi acest <strong>mare dar dumnezeiesc<\/strong>.\n\n \n\nVestea ne bucur\u0103 nespus, dar ne \u015fi responsabilizeaz\u0103 (!) Biserica este casa Domnului, iar noi, credincio\u0219ii boteza\u021bi \u00een numele Preasfintei Treimi, suntem casnicii lui Dumnezeu. Astfel c\u0103 acesta este momentul \u00een care trebuie s\u0103 ne mobiliz\u0103m, a\u015fa \u00eenc\u00e2t fiecare membru al comunit\u0103\u021bii noastre s\u0103 <strong>sus\u021bin\u0103, dup\u0103 putere,<\/strong> Biserica \u00een mod <strong>constant<\/strong>.\n\n \n\nV\u0103 pute\u021bi aduce contribu\u021bia \u00een contul deschis \u00een acest scop:\n\n \n<div class=\"wp-block-group\"><div class=\"wp-block-group__inner-container is-layout-constrained wp-block-group-is-layout-constrained\">\n<div class=\"wp-block-group\"><div class=\"wp-block-group__inner-container is-layout-constrained wp-block-group-is-layout-constrained\"><em>Rum\u00e4nisch-Orthodoxe Kirchengem. Hl. Spyridon u. Hl. Petronilla<\/em>\n<strong>IBAN:<\/strong> DE85 4005 0150 0000 6081 74\n<strong>Bankinstitut:<\/strong> Sparkasse M\u00fcnsterland Ost\n<strong>BIC:<\/strong> WELADED1MST\n<strong>Verwendungszweck<\/strong>: eigene Kirche\n\n<\/div><\/div>\n<\/div><\/div>\n \n\nDumnezeu v\u0103 va r\u0103splati jertfa!\n\n \n\nCu p\u0103rinteasc\u0103 \u0219i fr\u0103\u021beasc\u0103 dragoste,\n\n \n\nAl vostru,\n\n \n\nPr. Dimitrie\u00a0Ursache\n\n\n\n<strong>Duminic\u0103, 09.04.2023<\/strong>\n\nPreasfin\u021bitul episcop al nostru Sofian ne-a f\u0103cut marea bucurie de a s\u0103rb\u0103tori Intrarea M\u00e2ntuitorului \u00een Ierusalim \u00een mijlocul nostru.\n\n<strong>Duminic\u0103, 26.03.2023<\/strong>\n\nVizita raclei cu moa\u0219te ale Sf. Dionisie Erhan ne-a dat prilejul s\u0103 ne rug\u0103m sf\u00e2ntului basarabean. Un fragment din moa\u0219tele sale va ram\u00e2ne \u00een parohia noastr\u0103.\n\n<strong>Duminic\u0103, 11.12.2022 <\/strong>\n\nSf. Liturghie Arhiereasc\u0103 \u00een prezen\u021ba \u00ce.P.S. Serafim \u0219i a unui sobor de preo\u021bi \u0219i diaconi, concert de colinde oferit de grupul bucovinean \u201eAi lui \u0218tefan, noi o\u0219teni\u201d, agapa hramului parohiei.\n\n<\/div>\n<div class=\"\" data-block=\"true\" data-editor=\"58r8f\" data-offset-key=\"b5feo-0-0\">\n\n<strong>Vineri, 09.12.2022<\/strong>\n\nDona\u021biile dumneavoastr\u0103 pentru proiectul nostru \u201eC\u0103ldur\u0103 pentru b\u0103tr\u00e2nii no\u0219tri\u201d au f\u0103cut posibil ca 18 v\u00e2rstnici din comuna Bl\u00e2nde\u0219ti, jud. Boto\u0219ani, s\u0103 primeasc\u0103 zilele trecute lemne de foc care s\u0103 le \u00eenlesneasc\u0103 traiul. V\u0103 transmit recuno\u0219tin\u021ba \u0219i v\u0103 mul\u021bumesc din suflet dumneavoastr\u0103, celor care au f\u0103cut posibil acest lucru. C\u00e2teva poze pute\u021bi au fost postate pe pagina de Facebook a parohiei.\n<div class=\"text_exposed_show\">\n\nDona\u021biile pentru acestui proiect au \u00eensumat 2570\u20ac, sum\u0103 din care s-au achizi\u021bionat 18m\u00b3 de lemn de foc. Lemul a fost transportat direct la casele beneficiarilor.\n\nMul\u021bumiri domni\u0219oarei Alexandra-Diana Ciobanu pentru intermediere.\n\nDumnezeu s\u0103 v\u0103 r\u0103spl\u0103teasc\u0103!\n\n<\/div>\n<\/div>\n<\/div>","protected":false},"excerpt":{"rendered":"<p>Duminic\u0103, 08.06.2025 Dragii mei, \u00cen Duminica Pogor\u00e2rii Duhului Sf\u00e2nt, dup\u0103 cuv\u00e2ntul de \u00eenv\u0103\u021b\u0103tur\u0103, am avut bucuria de a \u00eemp\u0103rt\u0103\u0219i celor prezen\u021bi o veste minunat\u0103, legat\u0103 de viitorul nostru loc propriu de slujire \u015fi \u00eempreun\u0103-rug\u0103ciune. \u00cen marea Sa milostivire, Dumnezeu a r\u00e2nduit ca imposibilul s\u0103 devin\u0103 posibil. Astfel c\u0103, de la 1 decembrie 2025, comunitatea noastr\u0103 &hellip; <\/p>","protected":false},"author":2,"featured_media":0,"parent":0,"menu_order":0,"comment_status":"open","ping_status":"closed","template":"","meta":{"nf_dc_page":"","om_disable_all_campaigns":false,"two_page_speed":[],"footnotes":""},"class_list":["post-5","page","type-page","status-publish","hentry","entry"],"jetpack_sharing_enabled":true,"_links":{"self":[{"href":"https:\/\/www.biserica-muenster.de\/de\/wp-json\/wp\/v2\/pages\/5","targetHints":{"allow":["GET"]}}],"collection":[{"href":"https:\/\/www.biserica-muenster.de\/de\/wp-json\/wp\/v2\/pages"}],"about":[{"href":"https:\/\/www.biserica-muenster.de\/de\/wp-json\/wp\/v2\/types\/page"}],"author":[{"embeddable":true,"href":"https:\/\/www.biserica-muenster.de\/de\/wp-json\/wp\/v2\/users\/2"}],"replies":[{"embeddable":true,"href":"https:\/\/www.biserica-muenster.de\/de\/wp-json\/wp\/v2\/comments?post=5"}],"version-history":[{"count":5,"href":"https:\/\/www.biserica-muenster.de\/de\/wp-json\/wp\/v2\/pages\/5\/revisions"}],"predecessor-version":[{"id":846,"href":"https:\/\/www.biserica-muenster.de\/de\/wp-json\/wp\/v2\/pages\/5\/revisions\/846"}],"wp:attachment":[{"href":"https:\/\/www.biserica-muenster.de\/de\/wp-json\/wp\/v2\/media?parent=5"}],"curies":[{"name":"wp","href":"https:\/\/api.w.org\/{rel}","templated":true}]}}